{"id":63,"date":"2021-04-01T12:18:12","date_gmt":"2021-04-01T10:18:12","guid":{"rendered":"https:\/\/www.swisstours-voyages.ch\/?page_id=63"},"modified":"2021-04-03T14:28:39","modified_gmt":"2021-04-03T12:28:39","slug":"marche-de-noel-colmar","status":"publish","type":"page","link":"https:\/\/www.swisstours-voyages.ch\/en\/marche-de-noel-colmar\/","title":{"rendered":"March\u00e9 de No\u00ebl Colmar"},"content":{"rendered":"\t\t<div data-elementor-type=\"wp-page\" data-elementor-id=\"63\" class=\"elementor elementor-63\" data-elementor-post-type=\"page\">\n\t\t\t\t\t\t<section class=\"elementor-section elementor-top-section elementor-element elementor-element-342f256 elementor-section-boxed elementor-section-height-default elementor-section-height-default\" data-id=\"342f256\" data-element_type=\"section\">\n\t\t\t\t\t\t<div class=\"elementor-container elementor-column-gap-default\">\n\t\t\t\t\t<div class=\"elementor-column elementor-col-100 elementor-top-column elementor-element elementor-element-527eb83\" data-id=\"527eb83\" data-element_type=\"column\">\n\t\t\t<div class=\"elementor-widget-wrap elementor-element-populated\">\n\t\t\t\t\t\t<div class=\"elementor-element elementor-element-3c0aaab elementor-arrows-position-inside elementor-pagination-position-outside elementor-widget elementor-widget-image-carousel\" data-id=\"3c0aaab\" data-element_type=\"widget\" data-settings=\"{&quot;slides_to_show&quot;:&quot;1&quot;,&quot;autoplay&quot;:&quot;no&quot;,&quot;navigation&quot;:&quot;both&quot;,&quot;infinite&quot;:&quot;yes&quot;,&quot;effect&quot;:&quot;slide&quot;,&quot;speed&quot;:500}\" data-widget_type=\"image-carousel.default\">\n\t\t\t\t<div class=\"elementor-widget-container\">\n\t\t\t\t\t\t\t<div class=\"elementor-image-carousel-wrapper swiper\" role=\"region\" aria-roledescription=\"carousel\" aria-label=\"Image Carousel\" dir=\"ltr\">\n\t\t\t<div class=\"elementor-image-carousel swiper-wrapper\" aria-live=\"polite\">\n\t\t\t\t\t\t\t\t<div class=\"swiper-slide\" role=\"group\" aria-roledescription=\"slide\" aria-label=\"1 of 8\"><a data-elementor-open-lightbox=\"yes\" data-elementor-lightbox-slideshow=\"3c0aaab\" data-elementor-lightbox-title=\"SONY DSC\" data-e-action-hash=\"#elementor-action%3Aaction%3Dlightbox%26settings%3DeyJpZCI6IjEyOSIsInVybCI6Imh0dHBzOlwvXC93d3cuc3dpc3N0b3Vycy12b3lhZ2VzLmNoXC93cC1jb250ZW50XC91cGxvYWRzXC9zaXRlc1wvNlwvMjAyMVwvMDRcL3N0dHZfMjAyMF9tYXJjaGUtZGUtbm9lbC1jb2xtYXI1XzIwNDhfMTAuanBnIiwic2xpZGVzaG93IjoiM2MwYWFhYiJ9\" href=\"https:\/\/www.swisstours-voyages.ch\/wp-content\/uploads\/sites\/6\/2021\/04\/sttv_2020_marche-de-noel-colmar5_2048_10.jpg\"><figure class=\"swiper-slide-inner\"><img decoding=\"async\" class=\"swiper-slide-image\" src=\"https:\/\/www.swisstours-voyages.ch\/wp-content\/uploads\/sites\/6\/2021\/04\/sttv_2020_marche-de-noel-colmar5_2048_10.jpg\" alt=\"SONY DSC\" \/><\/figure><\/a><\/div><div class=\"swiper-slide\" role=\"group\" aria-roledescription=\"slide\" aria-label=\"2 of 8\"><a data-elementor-open-lightbox=\"yes\" data-elementor-lightbox-slideshow=\"3c0aaab\" data-elementor-lightbox-title=\"sttv_2020_marche de noel colmar6_2048_10\" data-e-action-hash=\"#elementor-action%3Aaction%3Dlightbox%26settings%3DeyJpZCI6IjEzMSIsInVybCI6Imh0dHBzOlwvXC93d3cuc3dpc3N0b3Vycy12b3lhZ2VzLmNoXC93cC1jb250ZW50XC91cGxvYWRzXC9zaXRlc1wvNlwvMjAyMVwvMDRcL3N0dHZfMjAyMF9tYXJjaGUtZGUtbm9lbC1jb2xtYXI2XzIwNDhfMTAuanBnIiwic2xpZGVzaG93IjoiM2MwYWFhYiJ9\" href=\"https:\/\/www.swisstours-voyages.ch\/wp-content\/uploads\/sites\/6\/2021\/04\/sttv_2020_marche-de-noel-colmar6_2048_10.jpg\"><figure class=\"swiper-slide-inner\"><img decoding=\"async\" class=\"swiper-slide-image\" src=\"https:\/\/www.swisstours-voyages.ch\/wp-content\/uploads\/sites\/6\/2021\/04\/sttv_2020_marche-de-noel-colmar6_2048_10.jpg\" alt=\"sttv_2020_marche de noel colmar6_2048_10\" \/><\/figure><\/a><\/div><div class=\"swiper-slide\" role=\"group\" aria-roledescription=\"slide\" aria-label=\"3 of 8\"><a data-elementor-open-lightbox=\"yes\" data-elementor-lightbox-slideshow=\"3c0aaab\" data-elementor-lightbox-title=\"sttv_2020_marche de noel colmar7_2048_10\" data-e-action-hash=\"#elementor-action%3Aaction%3Dlightbox%26settings%3DeyJpZCI6IjEzMyIsInVybCI6Imh0dHBzOlwvXC93d3cuc3dpc3N0b3Vycy12b3lhZ2VzLmNoXC93cC1jb250ZW50XC91cGxvYWRzXC9zaXRlc1wvNlwvMjAyMVwvMDRcL3N0dHZfMjAyMF9tYXJjaGUtZGUtbm9lbC1jb2xtYXI3XzIwNDhfMTAuanBnIiwic2xpZGVzaG93IjoiM2MwYWFhYiJ9\" href=\"https:\/\/www.swisstours-voyages.ch\/wp-content\/uploads\/sites\/6\/2021\/04\/sttv_2020_marche-de-noel-colmar7_2048_10.jpg\"><figure class=\"swiper-slide-inner\"><img decoding=\"async\" class=\"swiper-slide-image\" src=\"https:\/\/www.swisstours-voyages.ch\/wp-content\/uploads\/sites\/6\/2021\/04\/sttv_2020_marche-de-noel-colmar7_2048_10.jpg\" alt=\"sttv_2020_marche de noel colmar7_2048_10\" \/><\/figure><\/a><\/div><div class=\"swiper-slide\" role=\"group\" aria-roledescription=\"slide\" aria-label=\"4 of 8\"><a data-elementor-open-lightbox=\"yes\" data-elementor-lightbox-slideshow=\"3c0aaab\" data-elementor-lightbox-title=\"sttv_2020_marche de noel colmar8_2048_10\" data-e-action-hash=\"#elementor-action%3Aaction%3Dlightbox%26settings%3DeyJpZCI6IjEzNSIsInVybCI6Imh0dHBzOlwvXC93d3cuc3dpc3N0b3Vycy12b3lhZ2VzLmNoXC93cC1jb250ZW50XC91cGxvYWRzXC9zaXRlc1wvNlwvMjAyMVwvMDRcL3N0dHZfMjAyMF9tYXJjaGUtZGUtbm9lbC1jb2xtYXI4XzIwNDhfMTAuanBnIiwic2xpZGVzaG93IjoiM2MwYWFhYiJ9\" href=\"https:\/\/www.swisstours-voyages.ch\/wp-content\/uploads\/sites\/6\/2021\/04\/sttv_2020_marche-de-noel-colmar8_2048_10.jpg\"><figure class=\"swiper-slide-inner\"><img decoding=\"async\" class=\"swiper-slide-image\" src=\"https:\/\/www.swisstours-voyages.ch\/wp-content\/uploads\/sites\/6\/2021\/04\/sttv_2020_marche-de-noel-colmar8_2048_10.jpg\" alt=\"sttv_2020_marche de noel colmar8_2048_10\" \/><\/figure><\/a><\/div><div class=\"swiper-slide\" role=\"group\" aria-roledescription=\"slide\" aria-label=\"5 of 8\"><a data-elementor-open-lightbox=\"yes\" data-elementor-lightbox-slideshow=\"3c0aaab\" data-elementor-lightbox-title=\"sttv_2020_marche de noel colmar10_2048_10\" data-e-action-hash=\"#elementor-action%3Aaction%3Dlightbox%26settings%3DeyJpZCI6IjEzOSIsInVybCI6Imh0dHBzOlwvXC93d3cuc3dpc3N0b3Vycy12b3lhZ2VzLmNoXC93cC1jb250ZW50XC91cGxvYWRzXC9zaXRlc1wvNlwvMjAyMVwvMDRcL3N0dHZfMjAyMF9tYXJjaGUtZGUtbm9lbC1jb2xtYXIxMF8yMDQ4XzEwLTEuanBnIiwic2xpZGVzaG93IjoiM2MwYWFhYiJ9\" href=\"https:\/\/www.swisstours-voyages.ch\/wp-content\/uploads\/sites\/6\/2021\/04\/sttv_2020_marche-de-noel-colmar10_2048_10-1.jpg\"><figure class=\"swiper-slide-inner\"><img decoding=\"async\" class=\"swiper-slide-image\" src=\"https:\/\/www.swisstours-voyages.ch\/wp-content\/uploads\/sites\/6\/2021\/04\/sttv_2020_marche-de-noel-colmar10_2048_10-1.jpg\" alt=\"sttv_2020_marche de noel colmar10_2048_10\" \/><\/figure><\/a><\/div><div class=\"swiper-slide\" role=\"group\" aria-roledescription=\"slide\" aria-label=\"6 of 8\"><a data-elementor-open-lightbox=\"yes\" data-elementor-lightbox-slideshow=\"3c0aaab\" data-elementor-lightbox-title=\"sttv_2020_marche de noel colmar1_2048_10\" data-e-action-hash=\"#elementor-action%3Aaction%3Dlightbox%26settings%3DeyJpZCI6IjE0MSIsInVybCI6Imh0dHBzOlwvXC93d3cuc3dpc3N0b3Vycy12b3lhZ2VzLmNoXC93cC1jb250ZW50XC91cGxvYWRzXC9zaXRlc1wvNlwvMjAyMVwvMDRcL3N0dHZfMjAyMF9tYXJjaGUtZGUtbm9lbC1jb2xtYXIxXzIwNDhfMTAuanBnIiwic2xpZGVzaG93IjoiM2MwYWFhYiJ9\" href=\"https:\/\/www.swisstours-voyages.ch\/wp-content\/uploads\/sites\/6\/2021\/04\/sttv_2020_marche-de-noel-colmar1_2048_10.jpg\"><figure class=\"swiper-slide-inner\"><img decoding=\"async\" class=\"swiper-slide-image\" src=\"https:\/\/www.swisstours-voyages.ch\/wp-content\/uploads\/sites\/6\/2021\/04\/sttv_2020_marche-de-noel-colmar1_2048_10.jpg\" alt=\"sttv_2020_marche de noel colmar1_2048_10\" \/><\/figure><\/a><\/div><div class=\"swiper-slide\" role=\"group\" aria-roledescription=\"slide\" aria-label=\"7 of 8\"><a data-elementor-open-lightbox=\"yes\" data-elementor-lightbox-slideshow=\"3c0aaab\" data-elementor-lightbox-title=\"sttv_2020_marche de noel colmar2_2048_10\" data-e-action-hash=\"#elementor-action%3Aaction%3Dlightbox%26settings%3DeyJpZCI6IjE0MyIsInVybCI6Imh0dHBzOlwvXC93d3cuc3dpc3N0b3Vycy12b3lhZ2VzLmNoXC93cC1jb250ZW50XC91cGxvYWRzXC9zaXRlc1wvNlwvMjAyMVwvMDRcL3N0dHZfMjAyMF9tYXJjaGUtZGUtbm9lbC1jb2xtYXIyXzIwNDhfMTAuanBnIiwic2xpZGVzaG93IjoiM2MwYWFhYiJ9\" href=\"https:\/\/www.swisstours-voyages.ch\/wp-content\/uploads\/sites\/6\/2021\/04\/sttv_2020_marche-de-noel-colmar2_2048_10.jpg\"><figure class=\"swiper-slide-inner\"><img decoding=\"async\" class=\"swiper-slide-image\" src=\"https:\/\/www.swisstours-voyages.ch\/wp-content\/uploads\/sites\/6\/2021\/04\/sttv_2020_marche-de-noel-colmar2_2048_10.jpg\" alt=\"sttv_2020_marche de noel colmar2_2048_10\" \/><\/figure><\/a><\/div><div class=\"swiper-slide\" role=\"group\" aria-roledescription=\"slide\" aria-label=\"8 of 8\"><a data-elementor-open-lightbox=\"yes\" data-elementor-lightbox-slideshow=\"3c0aaab\" data-elementor-lightbox-title=\"sttv_2020_marche de noel colmar4_2048_10\" data-e-action-hash=\"#elementor-action%3Aaction%3Dlightbox%26settings%3DeyJpZCI6IjE0NyIsInVybCI6Imh0dHBzOlwvXC93d3cuc3dpc3N0b3Vycy12b3lhZ2VzLmNoXC93cC1jb250ZW50XC91cGxvYWRzXC9zaXRlc1wvNlwvMjAyMVwvMDRcL3N0dHZfMjAyMF9tYXJjaGUtZGUtbm9lbC1jb2xtYXI0XzIwNDhfMTAuanBnIiwic2xpZGVzaG93IjoiM2MwYWFhYiJ9\" href=\"https:\/\/www.swisstours-voyages.ch\/wp-content\/uploads\/sites\/6\/2021\/04\/sttv_2020_marche-de-noel-colmar4_2048_10.jpg\"><figure class=\"swiper-slide-inner\"><img decoding=\"async\" class=\"swiper-slide-image\" src=\"https:\/\/www.swisstours-voyages.ch\/wp-content\/uploads\/sites\/6\/2021\/04\/sttv_2020_marche-de-noel-colmar4_2048_10.jpg\" alt=\"sttv_2020_marche de noel colmar4_2048_10\" \/><\/figure><\/a><\/div>\t\t\t<\/div>\n\t\t\t\t\t\t\t\t\t\t\t\t<div class=\"elementor-swiper-button elementor-swiper-button-prev\" role=\"button\" tabindex=\"0\">\n\t\t\t\t\t\t<i aria-hidden=\"true\" class=\"eicon-chevron-left\"><\/i>\t\t\t\t\t<\/div>\n\t\t\t\t\t<div class=\"elementor-swiper-button elementor-swiper-button-next\" role=\"button\" tabindex=\"0\">\n\t\t\t\t\t\t<i aria-hidden=\"true\" class=\"eicon-chevron-right\"><\/i>\t\t\t\t\t<\/div>\n\t\t\t\t\n\t\t\t\t\t\t\t\t\t<div class=\"swiper-pagination\"><\/div>\n\t\t\t\t\t\t\t\t\t<\/div>\n\t\t\t\t\t\t<\/div>\n\t\t\t\t<\/div>\n\t\t\t\t\t<\/div>\n\t\t<\/div>\n\t\t\t\t\t<\/div>\n\t\t<\/section>\n\t\t\t\t<section class=\"elementor-section elementor-top-section elementor-element elementor-element-62ae17c elementor-section-boxed elementor-section-height-default elementor-section-height-default\" data-id=\"62ae17c\" data-element_type=\"section\">\n\t\t\t\t\t\t<div class=\"elementor-container elementor-column-gap-default\">\n\t\t\t\t\t<div class=\"elementor-column elementor-col-100 elementor-top-column elementor-element elementor-element-6779c77\" data-id=\"6779c77\" data-element_type=\"column\">\n\t\t\t<div class=\"elementor-widget-wrap elementor-element-populated\">\n\t\t\t\t\t\t<div class=\"elementor-element elementor-element-9b6cf93 elementor-align-center elementor-widget elementor-widget-button\" data-id=\"9b6cf93\" data-element_type=\"widget\" data-widget_type=\"button.default\">\n\t\t\t\t<div class=\"elementor-widget-container\">\n\t\t\t\t\t\t\t\t\t<div class=\"elementor-button-wrapper\">\n\t\t\t\t\t<a class=\"elementor-button elementor-button-link elementor-size-sm\" href=\"https:\/\/sttvo.tripbooker.ch\/FR\/MARCHE-DE-NOEL\/1-jour\/VOJ025\/swisstours-voyages-france-marche-de-noel-de-colmar-au-depart-de-geneve-en-autocar-391.html\" target=\"_blank\">\n\t\t\t\t\t\t<span class=\"elementor-button-content-wrapper\">\n\t\t\t\t\t\t\t\t\t<span class=\"elementor-button-text\">R\u00e9server ici<\/span>\n\t\t\t\t\t<\/span>\n\t\t\t\t\t<\/a>\n\t\t\t\t<\/div>\n\t\t\t\t\t\t\t\t<\/div>\n\t\t\t\t<\/div>\n\t\t\t\t\t<\/div>\n\t\t<\/div>\n\t\t\t\t\t<\/div>\n\t\t<\/section>\n\t\t\t\t<section class=\"elementor-section elementor-top-section elementor-element elementor-element-bfbabc7 elementor-section-boxed elementor-section-height-default elementor-section-height-default\" data-id=\"bfbabc7\" data-element_type=\"section\">\n\t\t\t\t\t\t<div class=\"elementor-container elementor-column-gap-default\">\n\t\t\t\t\t<div class=\"elementor-column elementor-col-100 elementor-top-column elementor-element elementor-element-d01b67d\" data-id=\"d01b67d\" data-element_type=\"column\">\n\t\t\t<div class=\"elementor-widget-wrap elementor-element-populated\">\n\t\t\t\t\t\t<div class=\"elementor-element elementor-element-98c8e03 elementor-widget elementor-widget-heading\" data-id=\"98c8e03\" data-element_type=\"widget\" data-widget_type=\"heading.default\">\n\t\t\t\t<div class=\"elementor-widget-container\">\n\t\t\t\t\t<h2 class=\"elementor-heading-title elementor-size-default\">March\u00e9 de no\u00ebl - Colmar\u2026 la magie de Noel<\/h2>\t\t\t\t<\/div>\n\t\t\t\t<\/div>\n\t\t\t\t<div class=\"elementor-element elementor-element-d4a7672 elementor-widget elementor-widget-text-editor\" data-id=\"d4a7672\" data-element_type=\"widget\" data-widget_type=\"text-editor.default\">\n\t\t\t\t<div class=\"elementor-widget-container\">\n\t\t\t\t\t\t\t\t\t<p>Les traditions de No\u00ebl, f\u00eat\u00e9es en Alsace de l&#8217;Avent \u00e0 l&#8217;Epiphanie, rev\u00eatent \u00e0 Colmar une dimension particuli\u00e8re&#8230;<\/p><p>La magie de No\u00ebl \u00e0 Colmar, c&#8217;est d&#8217;abord l&#8217;ambiance de la Vieille Ville illumin\u00e9e et d\u00e9cor\u00e9e comme un conte de f\u00e9es : un d\u00e9cor historique rendu magique par les illuminations de No\u00ebl qui, en cette p\u00e9riode de f\u00eate, s&#8217;int\u00e8grent harmonieusement aux \u00e9clairages exceptionnels con\u00e7us pour la valorisation du patrimoine, et qui parent le centre de Colmar d&#8217;une douce aura de lumi\u00e8re<span style=\"font-size: 1rem\">.<\/span><\/p><p>Le centre ville, essentiellement pi\u00e9tonnier, rec\u00e8le d&#8217;innombrables richesses architecturales parmi lesquelles monuments, \u00e9glises, mus\u00e9es et m\u00eame les ruelles, construits, pour les plus imposants, du Moyen Age au 19\u00e8me si\u00e8cle. Ne manquez surtout pas de vous \u00e9merveiller devant la maison Pfister, le Ko\u00effhus, le mus\u00e9e Unterlinden, la Petite Venise, la Maison des T\u00eates ou encore la Coll\u00e9giale Saint-Martin.<\/p><p>La ville enti\u00e8re est d\u00e9cor\u00e9e comme dans un r\u00eave, pour faire du centre ancien un lieu f\u00e9erique abritant l\u2019ambiance chaleureuse de No\u00ebl au c\u0153ur de la ville.<\/p><p>Chaque ann\u00e9e, les Colmariens jouent un r\u00f4le de premier plan en participant \u00e0 un joyeux concours de d\u00e9corations qui les voient rivaliser d&#8217;imagination pour parer les fa\u00e7ades des maisons et des vitrines de magasins.<\/p>\t\t\t\t\t\t\t\t<\/div>\n\t\t\t\t<\/div>\n\t\t\t\t<div class=\"elementor-element elementor-element-d7675a9 elementor-widget elementor-widget-heading\" data-id=\"d7675a9\" data-element_type=\"widget\" data-widget_type=\"heading.default\">\n\t\t\t\t<div class=\"elementor-widget-container\">\n\t\t\t\t\t<h2 class=\"elementor-heading-title elementor-size-default\"><i>Christmas market  - Colmar\u2026 the magic of Christmas<\/i><\/h2>\t\t\t\t<\/div>\n\t\t\t\t<\/div>\n\t\t\t\t<div class=\"elementor-element elementor-element-06fdc8f elementor-widget elementor-widget-text-editor\" data-id=\"06fdc8f\" data-element_type=\"widget\" data-widget_type=\"text-editor.default\">\n\t\t\t\t<div class=\"elementor-widget-container\">\n\t\t\t\t\t\t\t\t\t<p><em>The magic of Christmas in Colmar, first of all there\u2019s the ambiance of the Old Town, illuminated and decorated like a fairy tale : a historic setting made magical by the Christmas illuminations which, in this festive period, blend harmoniously with the wonderful lighting designed to enhance the town\u2019s heritage, and lay a soothing aura of light over the centre of Colmar.<\/em><\/p><p><em>Town centre which is essentially pedestrian, comprises numerous architectural treasures such as monuments, churches, museums and alleys, built for the most imposing from Middle Age to 19th century. Do not miss to be amazed by the Maison Pfister, the Ko\u00effhus, Unterlinden museum, Little Venice, the House of the Heads and Saint Martin Collegiate church.<\/em><\/p><p><em>The whole town is decorated like in a dream to turn the old centre into a veritable open-air theatre where the warm Christmas mood envelops the heart of the town.<\/em><\/p><p><em>Every year, the Colmarians play a major role in the creation of a special Christmas atmosphere via a joyful decoration contest.<\/em><\/p>\t\t\t\t\t\t\t\t<\/div>\n\t\t\t\t<\/div>\n\t\t\t\t<div class=\"elementor-element elementor-element-d45eb59 elementor-widget elementor-widget-image\" data-id=\"d45eb59\" data-element_type=\"widget\" data-widget_type=\"image.default\">\n\t\t\t\t<div class=\"elementor-widget-container\">\n\t\t\t\t\t\t\t\t\t\t\t\t\t\t\t\t<a href=\"https:\/\/www.swisstours-voyages.ch\/wp-content\/uploads\/sites\/6\/2021\/04\/sttv_2020_colmar-marche-de-noel_map.jpg\" data-elementor-open-lightbox=\"yes\" data-elementor-lightbox-title=\"sttv_2020_colmar marche de noel_map\" data-e-action-hash=\"#elementor-action%3Aaction%3Dlightbox%26settings%3DeyJpZCI6IjE1OCIsInVybCI6Imh0dHBzOlwvXC93d3cuc3dpc3N0b3Vycy12b3lhZ2VzLmNoXC93cC1jb250ZW50XC91cGxvYWRzXC9zaXRlc1wvNlwvMjAyMVwvMDRcL3N0dHZfMjAyMF9jb2xtYXItbWFyY2hlLWRlLW5vZWxfbWFwLmpwZyJ9\">\n\t\t\t\t\t\t\t<img fetchpriority=\"high\" decoding=\"async\" width=\"800\" height=\"788\" src=\"https:\/\/www.swisstours-voyages.ch\/wp-content\/uploads\/sites\/6\/2021\/04\/sttv_2020_colmar-marche-de-noel_map-1024x1009.jpg\" class=\"attachment-large size-large wp-image-158\" alt=\"\" srcset=\"https:\/\/www.swisstours-voyages.ch\/wp-content\/uploads\/sites\/6\/2021\/04\/sttv_2020_colmar-marche-de-noel_map-1024x1009.jpg 1024w, https:\/\/www.swisstours-voyages.ch\/wp-content\/uploads\/sites\/6\/2021\/04\/sttv_2020_colmar-marche-de-noel_map-300x296.jpg 300w, https:\/\/www.swisstours-voyages.ch\/wp-content\/uploads\/sites\/6\/2021\/04\/sttv_2020_colmar-marche-de-noel_map-768x757.jpg 768w, https:\/\/www.swisstours-voyages.ch\/wp-content\/uploads\/sites\/6\/2021\/04\/sttv_2020_colmar-marche-de-noel_map-1536x1514.jpg 1536w, https:\/\/www.swisstours-voyages.ch\/wp-content\/uploads\/sites\/6\/2021\/04\/sttv_2020_colmar-marche-de-noel_map.jpg 2048w\" sizes=\"(max-width: 800px) 100vw, 800px\" \/>\t\t\t\t\t\t\t\t<\/a>\n\t\t\t\t\t\t\t\t\t\t\t\t\t\t\t<\/div>\n\t\t\t\t<\/div>\n\t\t\t\t<div class=\"elementor-element elementor-element-6eb90ae elementor-view-default elementor-widget elementor-widget-icon\" data-id=\"6eb90ae\" data-element_type=\"widget\" data-widget_type=\"icon.default\">\n\t\t\t\t<div class=\"elementor-widget-container\">\n\t\t\t\t\t\t\t<div class=\"elementor-icon-wrapper\">\n\t\t\t<a class=\"elementor-icon\" href=\"https:\/\/www.swisstours-voyages.ch\/wp-content\/uploads\/sites\/6\/2021\/04\/sttv_2020_colmar-marche-de-noel_map_pdf_1.pdf\" target=\"_blank\">\n\t\t\t<i aria-hidden=\"true\" class=\"far fa-file-pdf\"><\/i>\t\t\t<\/a>\n\t\t<\/div>\n\t\t\t\t\t\t<\/div>\n\t\t\t\t<\/div>\n\t\t\t\t\t<\/div>\n\t\t<\/div>\n\t\t\t\t\t<\/div>\n\t\t<\/section>\n\t\t\t\t<\/div>\n\t\t","protected":false},"excerpt":{"rendered":"<p>Pr\u00e9c\u00e9dent Suivant R\u00e9server ici March\u00e9 de no\u00ebl &#8211; Colmar\u2026 la magie de Noel Les traditions de No\u00ebl, f\u00eat\u00e9es en Alsace de l&#8217;Avent \u00e0 l&#8217;Epiphanie, rev\u00eatent \u00e0 Colmar une dimension particuli\u00e8re&#8230; La magie de No\u00ebl \u00e0 Colmar, c&#8217;est d&#8217;abord l&#8217;ambiance de la Vieille Ville illumin\u00e9e et d\u00e9cor\u00e9e comme un conte de f\u00e9es : un d\u00e9cor historique [&hellip;]<\/p>\n","protected":false},"author":3,"featured_media":0,"parent":0,"menu_order":0,"comment_status":"closed","ping_status":"closed","template":"","meta":{"footnotes":""},"class_list":["post-63","page","type-page","status-publish","hentry"],"yoast_head":"<!-- This site is optimized with the Yoast SEO plugin v27.4 - https:\/\/yoast.com\/product\/yoast-seo-wordpress\/ -->\n<title>March\u00e9 de No\u00ebl Colmar - Swisstours Voyages<\/title>\n<meta name=\"robots\" content=\"index, follow, max-snippet:-1, max-image-preview:large, max-video-preview:-1\" \/>\n<link rel=\"canonical\" href=\"https:\/\/www.swisstours-voyages.ch\/marche-de-noel-colmar\/\" \/>\n<meta property=\"og:locale\" content=\"en_US\" \/>\n<meta property=\"og:type\" content=\"article\" \/>\n<meta property=\"og:title\" content=\"March\u00e9 de No\u00ebl Colmar - Swisstours Voyages\" \/>\n<meta property=\"og:description\" content=\"Pr\u00e9c\u00e9dent Suivant R\u00e9server ici March\u00e9 de no\u00ebl &#8211; Colmar\u2026 la magie de Noel Les traditions de No\u00ebl, f\u00eat\u00e9es en Alsace de l&#8217;Avent \u00e0 l&#8217;Epiphanie, rev\u00eatent \u00e0 Colmar une dimension particuli\u00e8re&#8230; La magie de No\u00ebl \u00e0 Colmar, c&#8217;est d&#8217;abord l&#8217;ambiance de la Vieille Ville illumin\u00e9e et d\u00e9cor\u00e9e comme un conte de f\u00e9es : un d\u00e9cor historique [&hellip;]\" \/>\n<meta property=\"og:url\" content=\"https:\/\/www.swisstours-voyages.ch\/en\/marche-de-noel-colmar\/\" \/>\n<meta property=\"og:site_name\" content=\"Swisstours Voyages\" \/>\n<meta property=\"article:modified_time\" content=\"2021-04-03T12:28:39+00:00\" \/>\n<meta property=\"og:image\" content=\"https:\/\/www.swisstours-voyages.ch\/wp-content\/uploads\/sites\/6\/2021\/04\/sttv_2020_marche-de-noel-colmar5_2048_10.jpg\" \/>\n<meta name=\"twitter:card\" content=\"summary_large_image\" \/>\n<meta name=\"twitter:label1\" content=\"Est. reading time\" \/>\n\t<meta name=\"twitter:data1\" content=\"2 minutes\" \/>\n<script type=\"application\/ld+json\" class=\"yoast-schema-graph\">{\"@context\":\"https:\\\/\\\/schema.org\",\"@graph\":[{\"@type\":\"WebPage\",\"@id\":\"https:\\\/\\\/www.swisstours-voyages.ch\\\/marche-de-noel-colmar\\\/\",\"url\":\"https:\\\/\\\/www.swisstours-voyages.ch\\\/marche-de-noel-colmar\\\/\",\"name\":\"March\u00e9 de No\u00ebl Colmar - Swisstours Voyages\",\"isPartOf\":{\"@id\":\"https:\\\/\\\/www.swisstours-voyages.ch\\\/#website\"},\"primaryImageOfPage\":{\"@id\":\"https:\\\/\\\/www.swisstours-voyages.ch\\\/marche-de-noel-colmar\\\/#primaryimage\"},\"image\":{\"@id\":\"https:\\\/\\\/www.swisstours-voyages.ch\\\/marche-de-noel-colmar\\\/#primaryimage\"},\"thumbnailUrl\":\"https:\\\/\\\/www.swisstours-voyages.ch\\\/wp-content\\\/uploads\\\/sites\\\/6\\\/2021\\\/04\\\/sttv_2020_marche-de-noel-colmar5_2048_10.jpg\",\"datePublished\":\"2021-04-01T10:18:12+00:00\",\"dateModified\":\"2021-04-03T12:28:39+00:00\",\"breadcrumb\":{\"@id\":\"https:\\\/\\\/www.swisstours-voyages.ch\\\/marche-de-noel-colmar\\\/#breadcrumb\"},\"inLanguage\":\"en-US\",\"potentialAction\":[{\"@type\":\"ReadAction\",\"target\":[\"https:\\\/\\\/www.swisstours-voyages.ch\\\/marche-de-noel-colmar\\\/\"]}]},{\"@type\":\"ImageObject\",\"inLanguage\":\"en-US\",\"@id\":\"https:\\\/\\\/www.swisstours-voyages.ch\\\/marche-de-noel-colmar\\\/#primaryimage\",\"url\":\"https:\\\/\\\/www.swisstours-voyages.ch\\\/wp-content\\\/uploads\\\/sites\\\/6\\\/2021\\\/04\\\/sttv_2020_marche-de-noel-colmar5_2048_10.jpg\",\"contentUrl\":\"https:\\\/\\\/www.swisstours-voyages.ch\\\/wp-content\\\/uploads\\\/sites\\\/6\\\/2021\\\/04\\\/sttv_2020_marche-de-noel-colmar5_2048_10.jpg\"},{\"@type\":\"BreadcrumbList\",\"@id\":\"https:\\\/\\\/www.swisstours-voyages.ch\\\/marche-de-noel-colmar\\\/#breadcrumb\",\"itemListElement\":[{\"@type\":\"ListItem\",\"position\":1,\"name\":\"Accueil\",\"item\":\"https:\\\/\\\/www.swisstours-voyages.ch\\\/en\\\/\"},{\"@type\":\"ListItem\",\"position\":2,\"name\":\"March\u00e9 de No\u00ebl Colmar\"}]},{\"@type\":\"WebSite\",\"@id\":\"https:\\\/\\\/www.swisstours-voyages.ch\\\/#website\",\"url\":\"https:\\\/\\\/www.swisstours-voyages.ch\\\/\",\"name\":\"Swisstours Voyages\",\"description\":\"\",\"publisher\":{\"@id\":\"https:\\\/\\\/www.swisstours-voyages.ch\\\/#organization\"},\"potentialAction\":[{\"@type\":\"SearchAction\",\"target\":{\"@type\":\"EntryPoint\",\"urlTemplate\":\"https:\\\/\\\/www.swisstours-voyages.ch\\\/?s={search_term_string}\"},\"query-input\":{\"@type\":\"PropertyValueSpecification\",\"valueRequired\":true,\"valueName\":\"search_term_string\"}}],\"inLanguage\":\"en-US\"},{\"@type\":\"Organization\",\"@id\":\"https:\\\/\\\/www.swisstours-voyages.ch\\\/#organization\",\"name\":\"Swisstours Voyages\",\"url\":\"https:\\\/\\\/www.swisstours-voyages.ch\\\/\",\"logo\":{\"@type\":\"ImageObject\",\"inLanguage\":\"en-US\",\"@id\":\"https:\\\/\\\/www.swisstours-voyages.ch\\\/#\\\/schema\\\/logo\\\/image\\\/\",\"url\":\"https:\\\/\\\/www.swisstours-voyages.ch\\\/wp-content\\\/uploads\\\/sites\\\/6\\\/2021\\\/04\\\/cropped-Swisstours-voyages.png\",\"contentUrl\":\"https:\\\/\\\/www.swisstours-voyages.ch\\\/wp-content\\\/uploads\\\/sites\\\/6\\\/2021\\\/04\\\/cropped-Swisstours-voyages.png\",\"width\":2690,\"height\":611,\"caption\":\"Swisstours Voyages\"},\"image\":{\"@id\":\"https:\\\/\\\/www.swisstours-voyages.ch\\\/#\\\/schema\\\/logo\\\/image\\\/\"}}]}<\/script>\n<!-- \/ Yoast SEO plugin. -->","yoast_head_json":{"title":"March\u00e9 de No\u00ebl Colmar - Swisstours Voyages","robots":{"index":"index","follow":"follow","max-snippet":"max-snippet:-1","max-image-preview":"max-image-preview:large","max-video-preview":"max-video-preview:-1"},"canonical":"https:\/\/www.swisstours-voyages.ch\/marche-de-noel-colmar\/","og_locale":"en_US","og_type":"article","og_title":"March\u00e9 de No\u00ebl Colmar - Swisstours Voyages","og_description":"Pr\u00e9c\u00e9dent Suivant R\u00e9server ici March\u00e9 de no\u00ebl &#8211; Colmar\u2026 la magie de Noel Les traditions de No\u00ebl, f\u00eat\u00e9es en Alsace de l&#8217;Avent \u00e0 l&#8217;Epiphanie, rev\u00eatent \u00e0 Colmar une dimension particuli\u00e8re&#8230; La magie de No\u00ebl \u00e0 Colmar, c&#8217;est d&#8217;abord l&#8217;ambiance de la Vieille Ville illumin\u00e9e et d\u00e9cor\u00e9e comme un conte de f\u00e9es : un d\u00e9cor historique [&hellip;]","og_url":"https:\/\/www.swisstours-voyages.ch\/en\/marche-de-noel-colmar\/","og_site_name":"Swisstours Voyages","article_modified_time":"2021-04-03T12:28:39+00:00","og_image":[{"url":"https:\/\/www.swisstours-voyages.ch\/wp-content\/uploads\/sites\/6\/2021\/04\/sttv_2020_marche-de-noel-colmar5_2048_10.jpg","type":"","width":"","height":""}],"twitter_card":"summary_large_image","twitter_misc":{"Est. reading time":"2 minutes"},"schema":{"@context":"https:\/\/schema.org","@graph":[{"@type":"WebPage","@id":"https:\/\/www.swisstours-voyages.ch\/marche-de-noel-colmar\/","url":"https:\/\/www.swisstours-voyages.ch\/marche-de-noel-colmar\/","name":"March\u00e9 de No\u00ebl Colmar - Swisstours Voyages","isPartOf":{"@id":"https:\/\/www.swisstours-voyages.ch\/#website"},"primaryImageOfPage":{"@id":"https:\/\/www.swisstours-voyages.ch\/marche-de-noel-colmar\/#primaryimage"},"image":{"@id":"https:\/\/www.swisstours-voyages.ch\/marche-de-noel-colmar\/#primaryimage"},"thumbnailUrl":"https:\/\/www.swisstours-voyages.ch\/wp-content\/uploads\/sites\/6\/2021\/04\/sttv_2020_marche-de-noel-colmar5_2048_10.jpg","datePublished":"2021-04-01T10:18:12+00:00","dateModified":"2021-04-03T12:28:39+00:00","breadcrumb":{"@id":"https:\/\/www.swisstours-voyages.ch\/marche-de-noel-colmar\/#breadcrumb"},"inLanguage":"en-US","potentialAction":[{"@type":"ReadAction","target":["https:\/\/www.swisstours-voyages.ch\/marche-de-noel-colmar\/"]}]},{"@type":"ImageObject","inLanguage":"en-US","@id":"https:\/\/www.swisstours-voyages.ch\/marche-de-noel-colmar\/#primaryimage","url":"https:\/\/www.swisstours-voyages.ch\/wp-content\/uploads\/sites\/6\/2021\/04\/sttv_2020_marche-de-noel-colmar5_2048_10.jpg","contentUrl":"https:\/\/www.swisstours-voyages.ch\/wp-content\/uploads\/sites\/6\/2021\/04\/sttv_2020_marche-de-noel-colmar5_2048_10.jpg"},{"@type":"BreadcrumbList","@id":"https:\/\/www.swisstours-voyages.ch\/marche-de-noel-colmar\/#breadcrumb","itemListElement":[{"@type":"ListItem","position":1,"name":"Accueil","item":"https:\/\/www.swisstours-voyages.ch\/en\/"},{"@type":"ListItem","position":2,"name":"March\u00e9 de No\u00ebl Colmar"}]},{"@type":"WebSite","@id":"https:\/\/www.swisstours-voyages.ch\/#website","url":"https:\/\/www.swisstours-voyages.ch\/","name":"Swisstours Voyages","description":"","publisher":{"@id":"https:\/\/www.swisstours-voyages.ch\/#organization"},"potentialAction":[{"@type":"SearchAction","target":{"@type":"EntryPoint","urlTemplate":"https:\/\/www.swisstours-voyages.ch\/?s={search_term_string}"},"query-input":{"@type":"PropertyValueSpecification","valueRequired":true,"valueName":"search_term_string"}}],"inLanguage":"en-US"},{"@type":"Organization","@id":"https:\/\/www.swisstours-voyages.ch\/#organization","name":"Swisstours Voyages","url":"https:\/\/www.swisstours-voyages.ch\/","logo":{"@type":"ImageObject","inLanguage":"en-US","@id":"https:\/\/www.swisstours-voyages.ch\/#\/schema\/logo\/image\/","url":"https:\/\/www.swisstours-voyages.ch\/wp-content\/uploads\/sites\/6\/2021\/04\/cropped-Swisstours-voyages.png","contentUrl":"https:\/\/www.swisstours-voyages.ch\/wp-content\/uploads\/sites\/6\/2021\/04\/cropped-Swisstours-voyages.png","width":2690,"height":611,"caption":"Swisstours Voyages"},"image":{"@id":"https:\/\/www.swisstours-voyages.ch\/#\/schema\/logo\/image\/"}}]}},"meta_box":[],"distributor_meta":false,"distributor_terms":false,"distributor_media":false,"distributor_original_site_name":"Swisstours Voyages","distributor_original_site_url":"https:\/\/www.swisstours-voyages.ch\/en\/","push-errors":false,"_links":{"self":[{"href":"https:\/\/www.swisstours-voyages.ch\/en\/wp-json\/wp\/v2\/pages\/63","targetHints":{"allow":["GET"]}}],"collection":[{"href":"https:\/\/www.swisstours-voyages.ch\/en\/wp-json\/wp\/v2\/pages"}],"about":[{"href":"https:\/\/www.swisstours-voyages.ch\/en\/wp-json\/wp\/v2\/types\/page"}],"author":[{"embeddable":true,"href":"https:\/\/www.swisstours-voyages.ch\/en\/wp-json\/wp\/v2\/users\/3"}],"replies":[{"embeddable":true,"href":"https:\/\/www.swisstours-voyages.ch\/en\/wp-json\/wp\/v2\/comments?post=63"}],"version-history":[{"count":31,"href":"https:\/\/www.swisstours-voyages.ch\/en\/wp-json\/wp\/v2\/pages\/63\/revisions"}],"predecessor-version":[{"id":350,"href":"https:\/\/www.swisstours-voyages.ch\/en\/wp-json\/wp\/v2\/pages\/63\/revisions\/350"}],"wp:attachment":[{"href":"https:\/\/www.swisstours-voyages.ch\/en\/wp-json\/wp\/v2\/media?parent=63"}],"curies":[{"name":"wp","href":"https:\/\/api.w.org\/{rel}","templated":true}]}}